{"id":863,"date":"2017-03-14T15:39:32","date_gmt":"2017-03-14T15:39:32","guid":{"rendered":"http:\/\/www.rau.ufscar.br\/?page_id=863"},"modified":"2020-08-12T17:33:06","modified_gmt":"2020-08-12T17:33:06","slug":"divulgacao-de-resultados","status":"publish","type":"page","link":"https:\/\/www.rau.ufscar.br\/?page_id=863","title":{"rendered":"Divulga\u00e7\u00e3o de resultados"},"content":{"rendered":"<p style=\"text-align: justify;\"><span style=\"color: #4d4c4c;\"><strong>A R@u agradece a todas(os) pelo interesse em colaborar com a nossa se\u00e7\u00e3o de resenhas. Abaixo, encontra-se a lista das(os) candidatas(os) selecionadas(os). <\/strong><\/span><\/p>\n<p style=\"text-align: justify;\"><span style=\"color: #4d4c4c;\"><strong>Conforme os termos divulgados, solicitamos que as(os) resenhistas selecionadas(os) entrem\u00a0em contato conosco atrav\u00e9s do e-mail\u00a0<span style=\"color: #ff6600;\">rau.resenhas@gmail.com<span style=\"color: #333333;\">,<\/span><\/span>\u00a0no prazo de at\u00e9 05 dias \u00fateis a partir da data de divulga\u00e7\u00e3o do resultado, confirmando seu interesse em elaborar a resenha\u00a0e anexando o <span style=\"text-decoration: underline;\"><span style=\"color: #0000ff; text-decoration: underline;\"><a style=\"color: #0000ff; text-decoration: underline;\" href=\"http:\/\/www.rau.ufscar.br\/wp-content\/uploads\/2017\/03\/Termo-de-Compromisso1.docx\">termo de compromisso<\/a><\/span><\/span>\u00a0devidamente preenchido e assinado.<\/strong><\/span><\/p>\n<p style=\"text-align: justify;\"><strong><span style=\"color: #5c5b5b;\">Resultado &#8211;\u00a0<span style=\"color: #ff6600;\">Chamada para resenhistas<\/span>\u00a0\/ Julho de 2020 &#8211;\u00a0<\/span><\/strong><span style=\"color: #5c5b5b;\"><span style=\"color: #ff6600;\">(03.08.2020)<\/span><\/span><\/p>\n<ul>\n<li style=\"text-align: justify;\"><span style=\"color: #808080;\">Emerson Giumbelli; Jo\u00e3o Rickli; Rodrigo Toniol. <em>Como as coisas importam: uma abordagem material da religi\u00e3o &#8211; textos de Birgit Meyer<\/em>.\u00a0Porto Alegre: Editora da UFRGS, 2019.<\/span><\/li>\n<\/ul>\n<p style=\"padding-left: 60px;\"><span style=\"color: #808080;\"><strong>Lorena Mochel<\/strong><\/span><\/p>\n<ul>\n<li style=\"text-align: justify;\"><span style=\"color: #808080;\">Bill Maurer; Smoki Musaraj; Ivan Small. <em>Money at the Margins: Global Perspectives on Technology, Financial Inclusion and Design<\/em>.\u00a0 New York: Berghahn Books, 2019.<\/span><\/li>\n<\/ul>\n<p style=\"padding-left: 60px;\"><span style=\"color: #808080;\"><strong>Vanessa Perin<\/strong><\/span><\/p>\n<ul>\n<li style=\"text-align: justify;\"><span style=\"color: #808080;\">Ashley Lebner. <em>Redescribing Relations: Strathernian Conversations on Ethnography, Knowledge and Politics.<\/em>\u00a0New York:\u00a0Berghahn Books, 2017.<\/span><\/li>\n<\/ul>\n<p style=\"padding-left: 60px;\"><span style=\"color: #808080;\"><strong>Lucas da Costa Maciel<\/strong><\/span><\/p>\n<hr \/>\n<p style=\"text-align: justify;\"><strong><span style=\"color: #5c5b5b;\">Resultado &#8211;\u00a0<span style=\"color: #ff6600;\">Chamada para resenhistas<\/span>\u00a0\/ Abril\u00a0de 2019 &#8211;\u00a0<\/span><\/strong><span style=\"color: #5c5b5b;\"><span style=\"color: #ff6600;\">(28.04.2018)<\/span><\/span><\/p>\n<ul>\n<li style=\"text-align: justify;\"><span style=\"color: #808080;\">Andrew Irving. <em>The art of life and death:<\/em>\u00a0Radical Aesthetics and Ethnographic Practice. Chicago: HAU Books, 2017.<\/span><\/li>\n<\/ul>\n<p style=\"padding-left: 60px;\"><span style=\"color: #808080;\"><strong>Ana Paula Luna Sales<\/strong><\/span><\/p>\n<ul>\n<li><span style=\"color: #808080;\">Terence S. Turner. <em>The fire of the Jaguar.<\/em> Chicago: HAU Books, 2017.<\/span><\/li>\n<\/ul>\n<p style=\"padding-left: 60px;\"><span style=\"color: #808080;\"><strong>Jo\u00e3o Lucas Moraes Passos\u00a0<\/strong><\/span><\/p>\n<ul>\n<li><span style=\"color: #808080;\">David Graeber; Marshall Sahlins. <em>On kings<\/em>. Chicago: HAU Books, 2017.<\/span><\/li>\n<\/ul>\n<p style=\"padding-left: 60px;\"><span style=\"color: #808080;\"><strong>Orlando Calheiros<\/strong><\/span><\/p>\n<ul>\n<li><span style=\"color: #808080;\">Pedro Fandi\u00f1o. <em>Tak Baht:<\/em>\u00a0O budismo teravada em prociss\u00e3o. Rio de Janeiro: EDUFF, 2019.<\/span><\/li>\n<\/ul>\n<p style=\"padding-left: 60px;\"><span style=\"color: #808080;\"><strong>Alexs\u00e2nder Naka\u00f3ka Elias<\/strong><\/span><\/p>\n<p>&nbsp;<\/p>\n<hr \/>\n<p style=\"text-align: justify;\"><strong><span style=\"color: #5c5b5b;\">Resultado &#8211;\u00a0<span style=\"color: #ff6600;\">Chamada para resenhistas<\/span>\u00a0\/ Setembro de 2018 &#8211;\u00a0<\/span><\/strong><span style=\"color: #5c5b5b;\"><span style=\"color: #ff6600;\">(31.09.2018)<\/span><\/span><\/p>\n<ul>\n<li style=\"text-align: justify;\"><span style=\"color: #737272;\">Alpa Shah.\u00a0<em>Ground Down by Growth:<\/em>\u00a0tribe, caste, class and inequality in twenty-first century India. Londres: Pluto Press, 2017.<\/span><\/li>\n<\/ul>\n<p style=\"padding-left: 60px;\"><strong><span style=\"color: #737272;\">Lucas Mestrinelli<\/span><\/strong><\/p>\n<ul>\n<li><span style=\"color: #737272;\">Karina Biondi.\u00a0<em>Proibido roubar na quebrada:\u00a0<\/em>territ\u00f3rio, hierarquia e lei no PCC. S\u00e3o Paulo: Terceiro Nome, 2018.<\/span><\/li>\n<\/ul>\n<p style=\"padding-left: 60px;\"><strong><span style=\"color: #737272;\">Michel C\u00edcero Magalh\u00e3es de Melo<\/span><\/strong><\/p>\n<ul>\n<li><span style=\"color: #737272;\">Adalton Marques.\u00a0<em>Humanizar e expandir: <\/em>uma genealogia da seguran\u00e7a p\u00fablica em S\u00e3o Paulo. S\u00e3o Paulo: Ibccrim, 2018.<\/span><\/li>\n<\/ul>\n<p style=\"padding-left: 60px;\"><span style=\"color: #737272;\"><strong>Evandro Cruz Silva<\/strong><\/span><\/p>\n<ul>\n<li><span style=\"color: #737272;\">Donna Haraway.\u00a0<em>Staying with the Trouble:\u00a0<\/em>Making Kin in the Chthulucene. Durham: Duke University Press, 2016.<\/span><\/li>\n<\/ul>\n<p style=\"padding-left: 60px;\"><span style=\"color: #737272;\"><strong>Juliana Fausto<\/strong><\/span><\/p>\n<hr \/>\n<p style=\"text-align: justify;\"><strong><span style=\"color: #5c5b5b;\">Resultado &#8211;\u00a0<span style=\"color: #ff6600;\">Chamada para resenhistas<\/span>\u00a0\/\u00a0Fevereiro de 2018 &#8211;\u00a0<\/span><\/strong><span style=\"color: #5c5b5b;\"><span style=\"color: #ff6600;\">(11.03.2018)<\/span><\/span><\/p>\n<ul>\n<li style=\"text-align: justify;\"><span style=\"color: #737272;\">Katy Gardner; David Lewis.\u00a0<em>Anthropology and Development:<\/em> challenges for the twenty-first century. Londres: Pluto Press, 2015.<\/span><\/li>\n<\/ul>\n<p style=\"padding-left: 60px;\"><strong><span style=\"color: #737272;\">In\u00e1cio Dias de Andrade<\/span><\/strong><\/p>\n<ul>\n<li><span style=\"color: #737272;\">Jos\u00e9 Valdir Jesus de Santana (org.).\u00a0<em>Rela\u00e7\u00f5es etnicorraciais e educa\u00e7\u00e3o escolar ind\u00edgena:\u00a0<\/em>relatos de pesquisa. Vit\u00f3ria da Conquista: Edi\u00e7\u00f5es UESB, 2017.<\/span><\/li>\n<\/ul>\n<p style=\"padding-left: 60px;\"><strong><span style=\"color: #737272;\">Raimundo Nonato F. do Nascimento<\/span><\/strong><\/p>\n<ul>\n<li><span style=\"color: #737272;\">Jane Guyer.\u00a0<em>Legacies, Logics, Logistics:\u00a0<\/em>Essays in the anthropology of platform economy (e-book). Chicago: University of Chicago Press, 2016.<\/span><\/li>\n<\/ul>\n<p style=\"padding-left: 60px;\"><span style=\"color: #737272;\"><strong>Gustavo Onto<\/strong><\/span><\/p>\n<ul>\n<li><span style=\"color: #737272;\">Cim\u00e9a Barbato Bevilaqua; Felipe Vander Velden (orgs.).\u00a0<em>Parentes, v\u00edtimas e sujeitos:\u00a0<\/em>perspectivas antropol\u00f3gicas sobre rela\u00e7\u00f5es entre humanos e animais. Curitiba: Editora UFPR, 2016.<\/span><\/li>\n<\/ul>\n<p style=\"padding-left: 60px;\"><span style=\"color: #737272;\"><strong>Jos\u00e9 Candido Lopes Ferreira<\/strong><\/span><\/p>\n<ul>\n<li><span style=\"color: #737272;\">Sara Regina Munhoz.\u00a0<em>O governo dos meninos:\u00a0<\/em>liberdade tutelada e medidas socioeducativas. S\u00e3o Carlos: EdUFSCar, 2017.<\/span><\/li>\n<\/ul>\n<p style=\"padding-left: 60px;\"><span style=\"color: #737272;\"><strong>Jana\u00edna de Souza Bujes<\/strong><\/span><\/p>\n<ul>\n<li><span style=\"color: #737272;\">Jurema Brites; Fl\u00e1via de Mattos Motta (orgs.).\u00a0<em>Etnografia, o esp\u00edrito da Antropologia:\u00a0<\/em>tecendo linhagens &#8211; homenagem a Cl\u00e1udia Fonseca (e-book). Santa Cruz do Sul: Edunisc, 2017.<\/span><\/li>\n<\/ul>\n<p style=\"padding-left: 60px;\"><span style=\"color: #737272;\"><strong>Lu\u00edsa Maria Silva Dantas<\/strong><\/span><\/p>\n<hr \/>\n<p style=\"text-align: justify;\"><strong><span style=\"color: #5c5b5b;\">Resultado &#8211;\u00a0<span style=\"color: #ff6600;\">Chamada para resenhistas<\/span>\u00a0\/ Junho\u00a0de 2017 &#8211;\u00a0<\/span><\/strong><span style=\"color: #5c5b5b;\"><span style=\"color: #ff6600;\">(08.07.2017)<\/span><\/span><\/p>\n<ul>\n<li><span style=\"color: #696868;\">Rafael Jos\u00e9 Menezes Bastos.\u00a0<i>A festa da Jaguatirica: <\/i>uma partitura cr\u00edtico-interpretativa<i>.<\/i>\u00a0Florian\u00f3polis: Editora da UFSC, 2013.<\/span><\/li>\n<\/ul>\n<p class=\"x_MsoNormal\" style=\"padding-left: 60px;\"><span style=\"color: #696868;\"><b>Evandro Bonfim<\/b>\u00a0<\/span><\/p>\n<ul type=\"disc\">\n<li class=\"x_MsoNormal\"><span style=\"color: #696868;\">Julia Ruiz di Giovanni.\u00a0<i>Cadernos do outro mundo: <\/i>o F\u00f3rum Social Mundial em Porto Alegre<i>. S\u00e3o Paulo:\u00a0<\/i><a style=\"color: #696868;\" title=\"Ver mais livros de: HUMANITAS FFLCH - USP\" href=\"http:\/\/www.ciadoslivros.com.br\/meta\/editora\/humanitas-fflch-usp\" target=\"_blank\" rel=\"noopener noreferrer\">Humanitas Fflch &#8211; Usp<\/a>, 2015.<i><\/i><\/span><\/li>\n<\/ul>\n<p class=\"x_MsoNormal\" style=\"padding-left: 60px;\"><span style=\"color: #696868;\"><b>Marcela Andrade<\/b>\u00a0<\/span><\/p>\n<ul type=\"disc\">\n<li class=\"x_MsoNormal\"><span style=\"color: #696868;\">Clara Han.\u00a0<i>Life in debt:\u00a0<\/i><span lang=\"EN-US\">Times of care and violence in Neoliberal Chile<\/span><i><span lang=\"EN-US\">\u00a0<\/span><\/i><span lang=\"EN-US\">(ebook). University of Carolina Press, 2012.<\/span><\/span><\/li>\n<\/ul>\n<p class=\"x_MsoNormal\" style=\"padding-left: 60px;\"><span style=\"color: #696868;\"><b>Magda Ribeiro<\/b>\u00a0<\/span><\/p>\n<ul type=\"disc\">\n<li class=\"x_MsoNormal\"><span lang=\"EN-US\" style=\"color: #696868;\">Jason Hickel.\u00a0<i>Democracy as death: <\/i>The moral order of anti-liberal politics in South Africa<i>\u00a0<\/i>(ebook). University of Carolina Press, 2015.<\/span><\/li>\n<\/ul>\n<p class=\"x_MsoNormal\" style=\"padding-left: 60px;\"><span style=\"color: #696868;\"><b>Thais Tiriba<\/b><\/span><\/p>\n<hr \/>\n<p><strong><span style=\"color: #5c5b5b;\">Resultado &#8211; <span style=\"color: #ff6600;\">Chamada para resenhistas<\/span> \/ Fevereiro de 2017 &#8211;\u00a0<\/span><\/strong><span style=\"color: #ff6600;\">(14.03.2017)<\/span><\/p>\n<ul>\n<li><span style=\"color: #5e5d5d;\">Deaway, Susan; St. Germain, Tonia. <em>Women of the street: <\/em>how the criminal\u00a0justice-social services alliance fails women in prostitution<em>. <\/em>New York University Press, 2017.\u00a0(e-book)<\/span><\/li>\n<\/ul>\n<p style=\"padding-left: 60px;\"><span style=\"color: #5e5d5d;\"><strong>Andr\u00e9 Rocha<\/strong><\/span><\/p>\n<ul>\n<li><span style=\"color: #5e5d5d;\">Gilman, Sander L.; Thomas, James M. <em>Are racists crazy?: <\/em>how prejudice, racism and antisemitism became markers of insanity (biopolitics). New York University Press, 2016. (e-book)<\/span><\/li>\n<\/ul>\n<p style=\"padding-left: 60px;\"><span style=\"color: #5e5d5d;\"><strong>Felipe Moreira<\/strong><\/span><\/p>\n<ul>\n<li><span style=\"color: #5e5d5d;\">Paterniani, Stella Zagato. <em>Morar e viver na luta: <\/em>movimentos de moradia, fabula\u00e7\u00e3o e pol\u00edtica em S\u00e3o Paulo<em>. <\/em>Annablume, 2016.<\/span><\/li>\n<\/ul>\n<p style=\"padding-left: 60px;\"><span style=\"color: #5e5d5d;\"><strong>Renato Abramowicz Santos<\/strong><\/span><\/p>\n<ul>\n<li><span style=\"color: #5e5d5d;\">Mallart, F\u00e1bio. <em>Cadeias dominadas: <\/em>a Funda\u00e7\u00e3o Casa, suas din\u00e2micas e trajet\u00f3rias de jovens internos.<em>\u00a0<\/em>Terceiro nome, 2014.<\/span><\/li>\n<\/ul>\n<p style=\"padding-left: 60px;\"><span style=\"color: #5e5d5d;\"><strong>Pamela Zaparolli<\/strong><\/span><\/p>\n","protected":false},"excerpt":{"rendered":"<p>A R@u agradece a todas(os) pelo interesse em colaborar com a nossa se\u00e7\u00e3o de resenhas. Abaixo, encontra-se a lista das(os) candidatas(os) selecionadas(os). Conforme os termos divulgados, solicitamos que as(os) resenhistas selecionadas(os) entrem\u00a0em contato conosco atrav\u00e9s do e-mail\u00a0rau.resenhas@gmail.com,\u00a0no prazo de at\u00e9 05 dias \u00fateis a partir da data de divulga\u00e7\u00e3o do resultado, confirmando seu interesse em [&hellip;]<\/p>\n","protected":false},"author":1,"featured_media":0,"parent":177,"menu_order":0,"comment_status":"closed","ping_status":"closed","template":"","meta":{"footnotes":""},"class_list":["post-863","page","type-page","status-publish","hentry"],"_links":{"self":[{"href":"https:\/\/www.rau.ufscar.br\/index.php?rest_route=\/wp\/v2\/pages\/863","targetHints":{"allow":["GET"]}}],"collection":[{"href":"https:\/\/www.rau.ufscar.br\/index.php?rest_route=\/wp\/v2\/pages"}],"about":[{"href":"https:\/\/www.rau.ufscar.br\/index.php?rest_route=\/wp\/v2\/types\/page"}],"author":[{"embeddable":true,"href":"https:\/\/www.rau.ufscar.br\/index.php?rest_route=\/wp\/v2\/users\/1"}],"replies":[{"embeddable":true,"href":"https:\/\/www.rau.ufscar.br\/index.php?rest_route=%2Fwp%2Fv2%2Fcomments&post=863"}],"version-history":[{"count":32,"href":"https:\/\/www.rau.ufscar.br\/index.php?rest_route=\/wp\/v2\/pages\/863\/revisions"}],"predecessor-version":[{"id":1575,"href":"https:\/\/www.rau.ufscar.br\/index.php?rest_route=\/wp\/v2\/pages\/863\/revisions\/1575"}],"up":[{"embeddable":true,"href":"https:\/\/www.rau.ufscar.br\/index.php?rest_route=\/wp\/v2\/pages\/177"}],"wp:attachment":[{"href":"https:\/\/www.rau.ufscar.br\/index.php?rest_route=%2Fwp%2Fv2%2Fmedia&parent=863"}],"curies":[{"name":"wp","href":"https:\/\/api.w.org\/{rel}","templated":true}]}}