{"id":13,"date":"2015-05-25T16:20:37","date_gmt":"2015-05-25T16:20:37","guid":{"rendered":"http:\/\/www.rau.ufscar.br\/?page_id=13"},"modified":"2023-02-03T16:25:57","modified_gmt":"2023-02-03T16:25:57","slug":"proposta-editorial","status":"publish","type":"page","link":"https:\/\/www.rau.ufscar.br\/?page_id=13","title":{"rendered":"Proposta Editorial"},"content":{"rendered":"<p><b><i>Proposta Editorial<\/i><\/b><\/p>\n<h4><strong>A R@u \u2013 Revista de Antropologia da UFSCar<\/strong><\/h4>\n<p style=\"text-align: justify;\">A ideia de lan\u00e7ar uma revista de Antropologia remonta ao in\u00edcio das atividades do Programa de P\u00f3s-Gradua\u00e7\u00e3o em Antropologia Social da UFSCar (PPGAS-UFSCar), no ano de 2007. Ap\u00f3s o ingresso da segunda turma de mestrado, em 2008, o(a)s estudantes passaram a se reunir para discutir o projeto, o que implicou pensar todas as etapas necess\u00e1rias ao nascimento de uma revista: linha editorial, periodicidade,\u00a0suporte (impresso ou eletr\u00f4nico),\u00a0diagrama\u00e7\u00e3o, pol\u00edtica de avalia\u00e7\u00e3o dos trabalhos recebidos, solicita\u00e7\u00e3o de registro no Instituto Brasileiro de Informa\u00e7\u00e3o em Ci\u00eancia e Tecnologia (n\u00famero ISSN)\u2026 at\u00e9 o nome que seria dado \u00e0 revista.\u00a0<strong>R@u<\/strong>\u00a0\u00e9 tanto a forma abreviada de Revista de Antropologia da UFSCar, como uma alus\u00e3o ao conceito Maori que se tornou cl\u00e1ssico na disciplina antropol\u00f3gica atrav\u00e9s das obras de Marcel Mauss. Em linhas gerais, este conceito (<em>hau<\/em>) significa \u201co esp\u00edrito da coisa\u201d e a sua extens\u00e3o \u201cmetaf\u00f3rica\u201d como\u00a0r@u\u00a0ilustra o \u201cesp\u00edrito\u201d de nossa revista: uma publica\u00e7\u00e3o eletr\u00f4nica cujo acesso \u00e9 aberto e irrestrito e que se destina a apresenta\u00e7\u00e3o e divulga\u00e7\u00e3o de pesquisas e trabalhos em Antropologia, procurando colocar o leitor em contato com os mais diversos temas e quest\u00f5es contempor\u00e2neos da \u00e1rea, assim como materiais de \u00e1reas vizinhas ou correlatas de interesse para a Antropologia. A primeira edi\u00e7\u00e3o da\u00a0<strong>R@u<\/strong>\u00a0foi lan\u00e7ada no in\u00edcio de 2009, efetivando-se como a Revista do Programa de P\u00f3s-Gradua\u00e7\u00e3o em Antropologia Social da UFSCar.<\/p>\n<p style=\"text-align: justify;\">Desde 2013, em uma a\u00e7\u00e3o pioneira entre os peri\u00f3dicos da \u00e1rea de Antropologia no Brasil, a\u00a0<strong>R@u<\/strong>\u00a0\u00e9 gerida por uma comiss\u00e3o editorial mista formada por editores docentes e discentes, todos ligados ao PPGAS-UFSCar. Esta parceria tem garantido a din\u00e2mica, a qualidade e a periodicidade da revista, assim como vem permitindo que muito(a)s do(a)s nosso(a)s jovens antrop\u00f3logo(a)s em forma\u00e7\u00e3o tenham contato estreito com as v\u00e1rias etapas do processo editorial e com todo o universo das pesquisas em Antropologia no pa\u00eds e no exterior. Ademais, a partir desse mesmo ano de 2013, quando a revista foi incorporada definitivamente ao PPPGAS-UFSCar como parte das atividades rotineiras do programa, a\u00a0<strong>R@u<\/strong>\u00a0passou a ser a Revista de Antropologia da UFSCar, tendo, naturalmente, alterado sua denomina\u00e7\u00e3o junto ao setor respons\u00e1vel na Biblioteca Nacional.<\/p>\n<p style=\"text-align: justify;\">Atualmente, a\u00a0<strong>R@u\u00a0<\/strong>\u00e9 classificada como A3 pelo Qualis Peri\u00f3dicos da CAPES (Avalia\u00e7\u00e3o Quadrienal 2017-2020).<\/p>\n<h4><strong>Foco e escopo<\/strong><\/h4>\n<p style=\"text-align: justify;\">A\u00a0<strong>R@u<\/strong>\u00a0\u00e9 uma revista de Antropologia. Como tal, tem como foco a publica\u00e7\u00e3o de trabalhos originais e in\u00e9ditos, de autore(a)s nacionais e estrangeiros, no \u00e2mbito desta \u00e1rea do conhecimento. Al\u00e9m disso, a\u00a0<strong>R@u<\/strong>\u00a0amplia seu escopo ao admitir, igualmente, trabalhos provenientes de outras \u00e1reas do saber que dialoguem com a Antropologia e para ela ou com ela possam trazer contribui\u00e7\u00f5es interessantes e relevantes para o conhecimento. A\u00a0proposta editorial\u00a0da\u00a0<strong>R@u<\/strong>\u00a0se orienta pela premissa de que qualquer pesquisador ou pesquisadora da \u00e1rea de Ci\u00eancias Sociais (e de \u00e1reas afins) poder\u00e1 colaborar para a produ\u00e7\u00e3o da revista, pois a submiss\u00e3o e publica\u00e7\u00e3o dos trabalhos n\u00e3o est\u00e3o condicionados \u00e0\u00a0titula\u00e7\u00e3o dos autores. Para tanto, criamos inclusive um espa\u00e7o destinado aos relatos de pesquisas em andamento que consiste num convite a aluno(a)s de institui\u00e7\u00f5es de ensino superior para que publiquem seus primeiros escritos acad\u00eamicos. Tal iniciativa procura abrir espa\u00e7os alternativos aos tradicionais foros de divulga\u00e7\u00e3o que oferecem aos e \u00e0s iniciantes em Antropologia, quando muito, os diminutos espa\u00e7os dos pain\u00e9is e resumos de eventos cient\u00edficos.<\/p>\n<h4><strong>Periodicidade<\/strong><\/h4>\n<p style=\"text-align: justify;\">A\u00a0<strong>R@u\u00a0<\/strong>recebe artigos, ensaios bibliogr\u00e1ficos, resenhas, cadernos de imagens, relatos de pesquisa e propostas de dossi\u00eas em regime de fluxo cont\u00ednuo. Sua periodicidade \u00e9 semestral, sendo lan\u00e7ados, dessa forma, dois n\u00fameros ao ano.<\/p>\n<h4><strong>\u00a0<\/strong><\/h4>\n<h4><strong>Quem\u00a0pode\u00a0colaborar<\/strong><\/h4>\n<p style=\"text-align: justify;\">As submiss\u00f5es podem ser feitas por qualquer pesquisador(a) cujo trabalho dialogue com a disciplina antropol\u00f3gica e\/ou com a \u00e1rea de Ci\u00eancias Sociais de modo geral. Todos as contribui\u00e7\u00f5es submetidas \u00e0\u00a0<strong>R@u<\/strong>\u00a0s\u00e3o previamente selecionadas pela Comiss\u00e3o Editorial da revista, ap\u00f3s o qual s\u00e3o revisadas por ao menos dois pareceristas externos \u00e0 revista que indicam a pertin\u00eancia, ou n\u00e3o, de sua publica\u00e7\u00e3o, bem com as modifica\u00e7\u00f5es que devem ou podem ser incorporadas para o aceite definitivo. O que interessa \u00e0 nossa linha editorial s\u00e3o as poss\u00edveis conex\u00f5es entre \u00e1reas que partilhem temas e objetos de estudo, n\u00e3o obstante a diversidade de interesses, m\u00e9todos e objetivos.\u00a0Como o acesso \u00e9 irrestrito e a revista n\u00e3o possui fins lucrativos, as colabora\u00e7\u00f5es tamb\u00e9m n\u00e3o s\u00e3o remuneradas. Todo o processo \u00e9 feito por contatos eletr\u00f4nicos, via e-mail da revista (<a href=\"mailto:rau.ppgas@gmail.com\" target=\"_blank\">rau.ppgas@gmail.com<\/a>), dispensando-se o(a) autor(a) de submeter o texto em vias impressas.<\/p>\n<p style=\"text-align: justify;\">Para consulta do DOI (Digital Object Identifier) dos artigos publicados na\u00a0<strong>R@u<\/strong>\u00a0favor consultar:\u00a0<a href=\"https:\/\/www.rau2.ufscar.br\/index.php\/rau\" target=\"_blank\">https:\/\/www.rau2.ufscar.br\/index.php\/rau<\/a>.<\/p>\n<p><strong>\u00c9tica e preven\u00e7\u00e3o de Pl\u00e1gio<\/strong><\/p>\n<p style=\"text-align: justify;\">A\u00a0<strong>R@u<\/strong>\u00a0apoia as recomenda\u00e7\u00f5es do\u00a0<a href=\"https:\/\/wp.scielo.org\/wp-content\/uploads\/Guia-de-Boas-Praticas-para-o-Fortalecimento-da-Etica-na-Publicacao-Cientifica.pdf\" target=\"_blank\">Guia de Boas Pr\u00e1ticas da Scielo<\/a>\u00a0e adota a defini\u00e7\u00e3o de m\u00e1-conduta da\u00a0<em>Office Research Integrity<\/em>, que consiste na fabrica\u00e7\u00e3o, falsifica\u00e7\u00e3o ou pl\u00e1gio na elabora\u00e7\u00e3o, execu\u00e7\u00e3o ou revis\u00e3o de pesquisas ou no relato de resultados de pesquisas em formato textual. A m\u00e1-conduta em pesquisa difere de poss\u00edveis erros honestos ou de diverg\u00eancias de opini\u00e3o. Quaisquer casos de m\u00e1-conduta ser\u00e3o tratados pela Comiss\u00e3o Editorial. Ao submeter suas contribui\u00e7\u00f5es para a\u00a0<strong>R@u<\/strong>, o(a)s autore(a)s automaticamente demonstram estar cientes e de acordo com as recomenda\u00e7\u00f5es aqui expostas. Para a verifica\u00e7\u00e3o anti-pl\u00e1gio a R@u adota do programa\u00a0<em>CopySpider<\/em>\u00a0(dispon\u00edvel em\u00a0<a href=\"http:\/\/www.copyspider.com.br\/\" target=\"_blank\">http:\/\/www.copyspider.com.br<\/a>)<\/p>\n<p style=\"text-align: justify;\"><strong>Corre\u00e7\u00f5es e retrata\u00e7\u00f5es:<\/strong>\u00a0Casos de erros ou falhas, independente da natureza ou da origem, que n\u00e3o configurem m\u00e1-conduta, ser\u00e3o corrigidos por errata, por solicita\u00e7\u00e3o do(a) autor(a) ou por decis\u00e3o da Comiss\u00e3o Editorial. Artigos j\u00e1 publicados em que a m\u00e1-conduta for identificada ser\u00e3o objeto de retrata\u00e7\u00e3o pelo(a) autor(a).<\/p>\n<p style=\"text-align: justify;\"><strong>Conflito de Interesses:<\/strong>\u00a0a\u00a0<strong>R@u<\/strong>\u00a0solicita que o(a)s autore(a)s, no momento da submiss\u00e3o, declarem quaisquer interesses pessoais ou comerciais que possam enviesar o manuscrito.<\/p>\n<p><strong>Pol\u00edtica de acesso livre e Propriedade intelectual<\/strong><\/p>\n<p style=\"text-align: justify;\">Esta revista oferece acesso livre imediato ao seu conte\u00fado, seguindo o princ\u00edpio de que disponibilizar gratuitamente o conhecimento cient\u00edfico ao p\u00fablico proporciona maior democratiza\u00e7\u00e3o global do conhecimento.<\/p>\n<p style=\"text-align: justify;\"><a href=\"http:\/\/www.rau.ufscar.br\/wp-content\/uploads\/2015\/05\/imagem_creative-commons.png\"><img loading=\"lazy\" decoding=\"async\" class=\"alignnone size-full wp-image-1931\" src=\"http:\/\/www.rau.ufscar.br\/wp-content\/uploads\/2015\/05\/imagem_creative-commons.png\" alt=\"imagem_creative commons\" width=\"88\" height=\"31\" \/><\/a><\/p>\n<p style=\"text-align: justify;\">Todo o conte\u00fado do peri\u00f3dico, exceto onde est\u00e1 identificado, est\u00e1 licenciado sob uma Licen\u00e7a\u00a0<a href=\"http:\/\/creativecommons.org\/licenses\/by-nc\/4.0\/\" target=\"_blank\">Creative Commons Atribui\u00e7\u00e3o-N\u00e3oComercial 4.0 Internacional<\/a>.<\/p>\n<p><strong>\u00a0<\/strong><\/p>\n<p><strong>Redes sociais<\/strong><\/p>\n<p>Instagram &#8211;\u00a0<a href=\"https:\/\/instagram.com\/raufscar?igshid=YmMyMTA2M2Y=\" target=\"_blank\">https:\/\/instagram.com\/raufscar?igshid=YmMyMTA2M2Y=<\/a><\/p>\n<p style=\"text-align: justify;\">Facebook &#8211;\u00a0<a href=\"https:\/\/m.facebook.com\/profile.php?id=100065455151572\" target=\"_blank\">https:\/\/m.facebook.com\/profile.php?id=100065455151572<\/a><\/p>\n<hr \/>\n<p style=\"text-align: justify;\"><span style=\"color: #ff6600;\">R@U: Revista de Antropologia da UFSCar<\/span><\/p>\n","protected":false},"excerpt":{"rendered":"<p>Proposta Editorial A R@u \u2013 Revista de Antropologia da UFSCar A ideia de lan\u00e7ar uma revista de Antropologia remonta ao in\u00edcio das atividades do Programa de P\u00f3s-Gradua\u00e7\u00e3o em Antropologia Social da UFSCar (PPGAS-UFSCar), no ano de 2007. Ap\u00f3s o ingresso da segunda turma de mestrado, em 2008, o(a)s estudantes passaram a se reunir para discutir [&hellip;]<\/p>\n","protected":false},"author":1,"featured_media":0,"parent":0,"menu_order":0,"comment_status":"closed","ping_status":"closed","template":"","meta":{"footnotes":""},"class_list":["post-13","page","type-page","status-publish","hentry"],"_links":{"self":[{"href":"https:\/\/www.rau.ufscar.br\/index.php?rest_route=\/wp\/v2\/pages\/13","targetHints":{"allow":["GET"]}}],"collection":[{"href":"https:\/\/www.rau.ufscar.br\/index.php?rest_route=\/wp\/v2\/pages"}],"about":[{"href":"https:\/\/www.rau.ufscar.br\/index.php?rest_route=\/wp\/v2\/types\/page"}],"author":[{"embeddable":true,"href":"https:\/\/www.rau.ufscar.br\/index.php?rest_route=\/wp\/v2\/users\/1"}],"replies":[{"embeddable":true,"href":"https:\/\/www.rau.ufscar.br\/index.php?rest_route=%2Fwp%2Fv2%2Fcomments&post=13"}],"version-history":[{"count":17,"href":"https:\/\/www.rau.ufscar.br\/index.php?rest_route=\/wp\/v2\/pages\/13\/revisions"}],"predecessor-version":[{"id":1937,"href":"https:\/\/www.rau.ufscar.br\/index.php?rest_route=\/wp\/v2\/pages\/13\/revisions\/1937"}],"wp:attachment":[{"href":"https:\/\/www.rau.ufscar.br\/index.php?rest_route=%2Fwp%2Fv2%2Fmedia&parent=13"}],"curies":[{"name":"wp","href":"https:\/\/api.w.org\/{rel}","templated":true}]}}